{"id":2870,"date":"2016-05-13T13:34:31","date_gmt":"2016-05-13T13:34:31","guid":{"rendered":"http:\/\/158.69.117.229\/~funtalen\/fundacion\/?page_id=2870"},"modified":"2024-11-12T10:46:33","modified_gmt":"2024-11-12T15:46:33","slug":"plan-educativo-institucional","status":"publish","type":"page","link":"https:\/\/funtalentum.org\/en\/plan-educativo-institucional\/","title":{"rendered":"Educational Institutional Plan"},"content":{"rendered":"\t\t<div data-elementor-type=\"wp-page\" data-elementor-id=\"2870\" class=\"elementor elementor-2870\" data-elementor-post-type=\"page\">\n\t\t\t\t\t\t<section class=\"elementor-section elementor-top-section elementor-element elementor-element-a685c09 elementor-section-boxed elementor-section-height-default elementor-section-height-default\" data-id=\"a685c09\" data-element_type=\"section\" data-e-type=\"section\" data-settings=\"{&quot;shape_divider_bottom&quot;:&quot;clouds&quot;,&quot;shape_divider_bottom_negative&quot;:&quot;yes&quot;}\">\n\t\t\t\t\t<div class=\"elementor-shape elementor-shape-bottom\" aria-hidden=\"true\" data-negative=\"true\">\n\t\t\t<svg xmlns=\"http:\/\/www.w3.org\/2000\/svg\" viewBox=\"0 0 283.5 27.8\" preserveAspectRatio=\"xMidYMax slice\">\n\t<path class=\"elementor-shape-fill\" d=\"M265.8 3.5c-10.9 0-15.9 6.2-15.9 6.2s-3.6-3.5-9.2-.9c-9.1 4.1-4.4 13.4-4.4 13.4s-1.2.2-1.9.9c-.6.7-.5 1.9-.5 1.9s-1-.5-2.3-.2c-1.3.3-1.6 1.4-1.6 1.4s.4-3.4-1.5-5c-3.9-3.4-8.3-.2-8.3-.2s-.6-.7-.9-.9c-.4-.2-1.2-.2-1.2-.2s-4.4-3.6-11.5-2.6-10.4 7.9-10.4 7.9-.5-3.3-3.9-4.9c-4.8-2.4-7.4 0-7.4 0s2.4-4.1-1.9-6.4-6.2 1.2-6.2 1.2-.9-.5-2.1-.5-2.3 1.1-2.3 1.1.1-.7-1.1-1.1c-1.2-.4-2 0-2 0s3.6-6.8-3.5-8.9c-6-1.8-7.9 2.6-8.4 4-.1-.3-.4-.7-.9-1.1-1-.7-1.3-.5-1.3-.5s1-4-1.7-5.2c-2.7-1.2-4.2 1.1-4.2 1.1s-3.1-1-5.7 1.4-2.1 5.5-2.1 5.5-.9 0-2.1.7-1.4 1.7-1.4 1.7-1.7-1.2-4.3-1.2c-2.6 0-4.5 1.2-4.5 1.2s-.7-1.5-2.8-2.4c-2.1-.9-4 0-4 0s2.6-5.9-4.7-9c-7.3-3.1-12.6 3.3-12.6 3.3s-.9 0-1.9.2c-.9.2-1.5.9-1.5.9S99.4 3 94.9 3.9c-4.5.9-5.7 5.7-5.7 5.7s-2.8-5-12.3-3.9-11.1 6-11.1 6-1.2-1.4-4-.7c-.8.2-1.3.5-1.8.9-.9-2.1-2.7-4.9-6.2-4.4-3.2.4-4 2.2-4 2.2s-.5-.7-1.2-.7h-1.4s-.5-.9-1.7-1.4-2.4 0-2.4 0-2.4-1.2-4.7 0-3.1 4.1-3.1 4.1-1.7-1.4-3.6-.7c-1.9.7-1.9 2.8-1.9 2.8s-.5-.5-1.7-.2c-1.2.2-1.4.7-1.4.7s-.7-2.3-2.8-2.8c-2.1-.5-4.3.2-4.3.2s-1.7-5-11.1-6c-3.8-.4-6.6.2-8.5 1v21.2h283.5V11.1c-.9.2-1.6.4-1.6.4s-5.2-8-16.1-8z\"\/>\n<\/svg>\n\t\t<\/div>\n\t\t\t\t\t<div class=\"elementor-container elementor-column-gap-default\">\n\t\t\t\t\t<div class=\"elementor-column elementor-col-100 elementor-top-column elementor-element elementor-element-20fff3d\" data-id=\"20fff3d\" data-element_type=\"column\" data-e-type=\"column\">\n\t\t\t<div class=\"elementor-widget-wrap elementor-element-populated\">\n\t\t\t\t\t\t<div class=\"elementor-element elementor-element-1437970 elementor-widget elementor-widget-heading\" data-id=\"1437970\" data-element_type=\"widget\" data-e-type=\"widget\" data-widget_type=\"heading.default\">\n\t\t\t\t<div class=\"elementor-widget-container\">\n\t\t\t\t\t<h2 class=\"elementor-heading-title elementor-size-default\">Plan educativo institucional<\/h2>\t\t\t\t<\/div>\n\t\t\t\t<\/div>\n\t\t\t\t<div class=\"elementor-element elementor-element-1f591a4 elementor-widget elementor-widget-spacer\" data-id=\"1f591a4\" data-element_type=\"widget\" data-e-type=\"widget\" data-widget_type=\"spacer.default\">\n\t\t\t\t<div class=\"elementor-widget-container\">\n\t\t\t\t\t\t\t<div class=\"elementor-spacer\">\n\t\t\t<div class=\"elementor-spacer-inner\"><\/div>\n\t\t<\/div>\n\t\t\t\t\t\t<\/div>\n\t\t\t\t<\/div>\n\t\t\t\t<section class=\"elementor-section elementor-inner-section elementor-element elementor-element-bde5e1d elementor-section-boxed elementor-section-height-default elementor-section-height-default\" data-id=\"bde5e1d\" data-element_type=\"section\" data-e-type=\"section\">\n\t\t\t\t\t\t<div class=\"elementor-container elementor-column-gap-wide\">\n\t\t\t\t\t<div class=\"elementor-column elementor-col-50 elementor-inner-column elementor-element elementor-element-d2c4a43\" data-id=\"d2c4a43\" data-element_type=\"column\" data-e-type=\"column\">\n\t\t\t<div class=\"elementor-widget-wrap elementor-element-populated\">\n\t\t\t\t\t\t<div class=\"elementor-element elementor-element-8137796 elementor-widget elementor-widget-video\" data-id=\"8137796\" data-element_type=\"widget\" data-e-type=\"widget\" data-settings=\"{&quot;youtube_url&quot;:&quot;https:\\\/\\\/youtu.be\\\/8Q722aNnmLg&quot;,&quot;video_type&quot;:&quot;youtube&quot;,&quot;controls&quot;:&quot;yes&quot;}\" data-widget_type=\"video.default\">\n\t\t\t\t<div class=\"elementor-widget-container\">\n\t\t\t\t\t\t\t<div class=\"elementor-wrapper elementor-open-inline\">\n\t\t\t<div class=\"elementor-video\"><\/div>\t\t<\/div>\n\t\t\t\t\t\t<\/div>\n\t\t\t\t<\/div>\n\t\t\t\t\t<\/div>\n\t\t<\/div>\n\t\t\t\t<div class=\"elementor-column elementor-col-50 elementor-inner-column elementor-element elementor-element-f24dcb1\" data-id=\"f24dcb1\" data-element_type=\"column\" data-e-type=\"column\">\n\t\t\t<div class=\"elementor-widget-wrap elementor-element-populated\">\n\t\t\t\t\t\t<div class=\"elementor-element elementor-element-892321c elementor-widget elementor-widget-text-editor\" data-id=\"892321c\" data-element_type=\"widget\" data-e-type=\"widget\" data-widget_type=\"text-editor.default\">\n\t\t\t\t<div class=\"elementor-widget-container\">\n\t\t\t\t\t\t\t\t\t<p>Nuestro modelo educativo pedag\u00f3gico es el de la\u00a0Fundaci\u00f3n Carulla aeioTU el cual se inspira en Reggio Emilia, que considera al ni\u00f1o como protagonista activo de su propio aprendizaje. Este es considerado por la UNESCO como la mejor pedagog\u00eda del mundo para la Primera Infancia.<\/p><p>Estamos articulados con la Estrategia Nacional de Atenci\u00f3n Integral a la Primera Infancia que incluye un conjunto de acciones planificadas de car\u00e1cter nacional y territorial, dirigidas a promover y garantizar el desarrollo infantil de los ni\u00f1os \u00a0desde su gestaci\u00f3n hasta cumplir los seis a\u00f1os; Nuestro otro aliado estrat\u00e9gico es el Instituto Colombiano de Bienestar Familiar (ICBF) que es la organizaci\u00f3n Gubernamental encargada de dar las pol\u00edticas nacionales, la vigilancia y el control en la prestaci\u00f3n de servicios a la Primera Infancia.<\/p>\t\t\t\t\t\t\t\t<\/div>\n\t\t\t\t<\/div>\n\t\t\t\t\t<\/div>\n\t\t<\/div>\n\t\t\t\t\t<\/div>\n\t\t<\/section>\n\t\t\t\t<div class=\"elementor-element elementor-element-bae6049 elementor-widget elementor-widget-spacer\" data-id=\"bae6049\" data-element_type=\"widget\" data-e-type=\"widget\" data-widget_type=\"spacer.default\">\n\t\t\t\t<div class=\"elementor-widget-container\">\n\t\t\t\t\t\t\t<div class=\"elementor-spacer\">\n\t\t\t<div class=\"elementor-spacer-inner\"><\/div>\n\t\t<\/div>\n\t\t\t\t\t\t<\/div>\n\t\t\t\t<\/div>\n\t\t\t\t<section class=\"elementor-section elementor-inner-section elementor-element elementor-element-d29e187 elementor-section-boxed elementor-section-height-default elementor-section-height-default\" data-id=\"d29e187\" data-element_type=\"section\" data-e-type=\"section\">\n\t\t\t\t\t\t<div class=\"elementor-container elementor-column-gap-default\">\n\t\t\t\t\t<div class=\"elementor-column elementor-col-50 elementor-inner-column elementor-element elementor-element-a9112d4\" data-id=\"a9112d4\" data-element_type=\"column\" data-e-type=\"column\" data-settings=\"{&quot;background_background&quot;:&quot;classic&quot;}\">\n\t\t\t<div class=\"elementor-widget-wrap elementor-element-populated\">\n\t\t\t\t\t\t<div class=\"elementor-element elementor-element-e56f03e elementor-widget elementor-widget-image\" data-id=\"e56f03e\" data-element_type=\"widget\" data-e-type=\"widget\" data-widget_type=\"image.default\">\n\t\t\t\t<div class=\"elementor-widget-container\">\n\t\t\t\t\t\t\t\t\t\t\t\t\t\t\t<img fetchpriority=\"high\" decoding=\"async\" width=\"800\" height=\"534\" src=\"https:\/\/funtalentum.org\/fundacion\/wp-content\/uploads\/2024\/08\/Plan-educativo-07-1024x683.webp\" class=\"attachment-large size-large wp-image-4518\" alt=\"\" srcset=\"https:\/\/funtalentum.org\/fundacion\/wp-content\/uploads\/2024\/08\/Plan-educativo-07-1024x683.webp 1024w, https:\/\/funtalentum.org\/fundacion\/wp-content\/uploads\/2024\/08\/Plan-educativo-07-300x200.webp 300w, https:\/\/funtalentum.org\/fundacion\/wp-content\/uploads\/2024\/08\/Plan-educativo-07-768x512.webp 768w, https:\/\/funtalentum.org\/fundacion\/wp-content\/uploads\/2024\/08\/Plan-educativo-07.webp 1152w\" sizes=\"(max-width: 800px) 100vw, 800px\" \/>\t\t\t\t\t\t\t\t\t\t\t\t\t\t\t<\/div>\n\t\t\t\t<\/div>\n\t\t\t\t<div class=\"elementor-element elementor-element-f282f2b elementor-widget elementor-widget-heading\" data-id=\"f282f2b\" data-element_type=\"widget\" data-e-type=\"widget\" data-widget_type=\"heading.default\">\n\t\t\t\t<div class=\"elementor-widget-container\">\n\t\t\t\t\t<h2 class=\"elementor-heading-title elementor-size-default\">Educaci\u00f3n<\/h2>\t\t\t\t<\/div>\n\t\t\t\t<\/div>\n\t\t\t\t<div class=\"elementor-element elementor-element-8d23349 elementor-widget elementor-widget-text-editor\" data-id=\"8d23349\" data-element_type=\"widget\" data-e-type=\"widget\" data-widget_type=\"text-editor.default\">\n\t\t\t\t<div class=\"elementor-widget-container\">\n\t\t\t\t\t\t\t\t\t<p>Nuestro programa se basa en la experiencia educativa de la Fundaci\u00f3n aeioTU \u201cCarulla\u201d, la cual se inspira en la filosof\u00eda pedag\u00f3gica Reggio Emilia considerado por la UNESCO como la mejor pedagog\u00eda del mundo para la primera infancia.<\/p>\t\t\t\t\t\t\t\t<\/div>\n\t\t\t\t<\/div>\n\t\t\t\t\t<\/div>\n\t\t<\/div>\n\t\t\t\t<div class=\"elementor-column elementor-col-50 elementor-inner-column elementor-element elementor-element-e941984\" data-id=\"e941984\" data-element_type=\"column\" data-e-type=\"column\" data-settings=\"{&quot;background_background&quot;:&quot;classic&quot;}\">\n\t\t\t<div class=\"elementor-widget-wrap elementor-element-populated\">\n\t\t\t\t\t\t<div class=\"elementor-element elementor-element-dca5dca elementor-widget elementor-widget-image\" data-id=\"dca5dca\" data-element_type=\"widget\" data-e-type=\"widget\" data-widget_type=\"image.default\">\n\t\t\t\t<div class=\"elementor-widget-container\">\n\t\t\t\t\t\t\t\t\t\t\t\t\t\t\t<img decoding=\"async\" width=\"800\" height=\"534\" src=\"https:\/\/funtalentum.org\/fundacion\/wp-content\/uploads\/2024\/08\/Plan-educativo-09-1024x683.webp\" class=\"attachment-large size-large wp-image-4520\" alt=\"\" srcset=\"https:\/\/funtalentum.org\/fundacion\/wp-content\/uploads\/2024\/08\/Plan-educativo-09-1024x683.webp 1024w, https:\/\/funtalentum.org\/fundacion\/wp-content\/uploads\/2024\/08\/Plan-educativo-09-300x200.webp 300w, https:\/\/funtalentum.org\/fundacion\/wp-content\/uploads\/2024\/08\/Plan-educativo-09-768x512.webp 768w, https:\/\/funtalentum.org\/fundacion\/wp-content\/uploads\/2024\/08\/Plan-educativo-09.webp 1152w\" sizes=\"(max-width: 800px) 100vw, 800px\" \/>\t\t\t\t\t\t\t\t\t\t\t\t\t\t\t<\/div>\n\t\t\t\t<\/div>\n\t\t\t\t<div class=\"elementor-element elementor-element-2a23723 elementor-widget elementor-widget-heading\" data-id=\"2a23723\" data-element_type=\"widget\" data-e-type=\"widget\" data-widget_type=\"heading.default\">\n\t\t\t\t<div class=\"elementor-widget-container\">\n\t\t\t\t\t<h2 class=\"elementor-heading-title elementor-size-default\">Salud<\/h2>\t\t\t\t<\/div>\n\t\t\t\t<\/div>\n\t\t\t\t<div class=\"elementor-element elementor-element-f68b6e0 elementor-widget elementor-widget-text-editor\" data-id=\"f68b6e0\" data-element_type=\"widget\" data-e-type=\"widget\" data-widget_type=\"text-editor.default\">\n\t\t\t\t<div class=\"elementor-widget-container\">\n\t\t\t\t\t\t\t\t\t<p>Promovemos y\u00a0 nos aseguramos que nuestros ni\u00f1os tengan los esquemas de salud b\u00e1sicos e integramos sus familias en brigadas y campa\u00f1as preventivas de salud y hacemos seguimiento a su desarrollo y prevenci\u00f3n de enfermedades.<\/p>\t\t\t\t\t\t\t\t<\/div>\n\t\t\t\t<\/div>\n\t\t\t\t\t<\/div>\n\t\t<\/div>\n\t\t\t\t\t<\/div>\n\t\t<\/section>\n\t\t\t\t<section class=\"elementor-section elementor-inner-section elementor-element elementor-element-41c1ab8 elementor-section-boxed elementor-section-height-default elementor-section-height-default\" data-id=\"41c1ab8\" data-element_type=\"section\" data-e-type=\"section\">\n\t\t\t\t\t\t<div class=\"elementor-container elementor-column-gap-default\">\n\t\t\t\t\t<div class=\"elementor-column elementor-col-50 elementor-inner-column elementor-element elementor-element-7bc8dd3\" data-id=\"7bc8dd3\" data-element_type=\"column\" data-e-type=\"column\" data-settings=\"{&quot;background_background&quot;:&quot;classic&quot;}\">\n\t\t\t<div class=\"elementor-widget-wrap elementor-element-populated\">\n\t\t\t\t\t\t<div class=\"elementor-element elementor-element-c6a209f elementor-widget elementor-widget-image\" data-id=\"c6a209f\" data-element_type=\"widget\" data-e-type=\"widget\" data-widget_type=\"image.default\">\n\t\t\t\t<div class=\"elementor-widget-container\">\n\t\t\t\t\t\t\t\t\t\t\t\t\t\t\t<img decoding=\"async\" width=\"800\" height=\"534\" src=\"https:\/\/funtalentum.org\/fundacion\/wp-content\/uploads\/2024\/08\/Plan-educativo-08-1024x683.webp\" class=\"attachment-large size-large wp-image-4519\" alt=\"\" srcset=\"https:\/\/funtalentum.org\/fundacion\/wp-content\/uploads\/2024\/08\/Plan-educativo-08-1024x683.webp 1024w, https:\/\/funtalentum.org\/fundacion\/wp-content\/uploads\/2024\/08\/Plan-educativo-08-300x200.webp 300w, https:\/\/funtalentum.org\/fundacion\/wp-content\/uploads\/2024\/08\/Plan-educativo-08-768x512.webp 768w, https:\/\/funtalentum.org\/fundacion\/wp-content\/uploads\/2024\/08\/Plan-educativo-08.webp 1152w\" sizes=\"(max-width: 800px) 100vw, 800px\" \/>\t\t\t\t\t\t\t\t\t\t\t\t\t\t\t<\/div>\n\t\t\t\t<\/div>\n\t\t\t\t<div class=\"elementor-element elementor-element-405597f elementor-widget elementor-widget-heading\" data-id=\"405597f\" data-element_type=\"widget\" data-e-type=\"widget\" data-widget_type=\"heading.default\">\n\t\t\t\t<div class=\"elementor-widget-container\">\n\t\t\t\t\t<h2 class=\"elementor-heading-title elementor-size-default\">Nutrici\u00f3n <\/h2>\t\t\t\t<\/div>\n\t\t\t\t<\/div>\n\t\t\t\t<div class=\"elementor-element elementor-element-a5cb8a4 elementor-widget elementor-widget-text-editor\" data-id=\"a5cb8a4\" data-element_type=\"widget\" data-e-type=\"widget\" data-widget_type=\"text-editor.default\">\n\t\t\t\t<div class=\"elementor-widget-container\">\n\t\t\t\t\t\t\t\t\t<p>Brindamos alimentaci\u00f3n de calidad cumpliendo los est\u00e1ndares nutricionales, para asegurar su desarrollo y evitar desnutrici\u00f3n. Garantizamos el desarrollo f\u00edsico e intelectual en las gestantes, lactantes y los ni\u00f1os con nuestro esquema de alimentaci\u00f3n completo.<\/p>\t\t\t\t\t\t\t\t<\/div>\n\t\t\t\t<\/div>\n\t\t\t\t\t<\/div>\n\t\t<\/div>\n\t\t\t\t<div class=\"elementor-column elementor-col-50 elementor-inner-column elementor-element elementor-element-eed5421\" data-id=\"eed5421\" data-element_type=\"column\" data-e-type=\"column\" data-settings=\"{&quot;background_background&quot;:&quot;classic&quot;}\">\n\t\t\t<div class=\"elementor-widget-wrap elementor-element-populated\">\n\t\t\t\t\t\t<div class=\"elementor-element elementor-element-2cf4c6c elementor-widget elementor-widget-image\" data-id=\"2cf4c6c\" data-element_type=\"widget\" data-e-type=\"widget\" data-widget_type=\"image.default\">\n\t\t\t\t<div class=\"elementor-widget-container\">\n\t\t\t\t\t\t\t\t\t\t\t\t\t\t\t<img loading=\"lazy\" decoding=\"async\" width=\"800\" height=\"534\" src=\"https:\/\/funtalentum.org\/fundacion\/wp-content\/uploads\/2024\/08\/Plan-educativo-06-1024x683.webp\" class=\"attachment-large size-large wp-image-4517\" alt=\"\" srcset=\"https:\/\/funtalentum.org\/fundacion\/wp-content\/uploads\/2024\/08\/Plan-educativo-06-1024x683.webp 1024w, https:\/\/funtalentum.org\/fundacion\/wp-content\/uploads\/2024\/08\/Plan-educativo-06-300x200.webp 300w, https:\/\/funtalentum.org\/fundacion\/wp-content\/uploads\/2024\/08\/Plan-educativo-06-768x512.webp 768w, https:\/\/funtalentum.org\/fundacion\/wp-content\/uploads\/2024\/08\/Plan-educativo-06.webp 1152w\" sizes=\"(max-width: 800px) 100vw, 800px\" \/>\t\t\t\t\t\t\t\t\t\t\t\t\t\t\t<\/div>\n\t\t\t\t<\/div>\n\t\t\t\t<div class=\"elementor-element elementor-element-2db78bd elementor-widget elementor-widget-heading\" data-id=\"2db78bd\" data-element_type=\"widget\" data-e-type=\"widget\" data-widget_type=\"heading.default\">\n\t\t\t\t<div class=\"elementor-widget-container\">\n\t\t\t\t\t<h2 class=\"elementor-heading-title elementor-size-default\">Cuidado<\/h2>\t\t\t\t<\/div>\n\t\t\t\t<\/div>\n\t\t\t\t<div class=\"elementor-element elementor-element-bcf2d77 elementor-widget elementor-widget-text-editor\" data-id=\"bcf2d77\" data-element_type=\"widget\" data-e-type=\"widget\" data-widget_type=\"text-editor.default\">\n\t\t\t\t<div class=\"elementor-widget-container\">\n\t\t\t\t\t\t\t\t\t<p>El entorno donde crecen nuestros peque\u00f1os es de vital importancia para su crecimiento y desarrollo, por esto nos aseguramos de brindar las condiciones optimas para ofrecer un ambiente seguro, amigable y lleno de amor, promoviendo un estilo de vida saludable.<\/p>\t\t\t\t\t\t\t\t<\/div>\n\t\t\t\t<\/div>\n\t\t\t\t\t<\/div>\n\t\t<\/div>\n\t\t\t\t\t<\/div>\n\t\t<\/section>\n\t\t\t\t<div class=\"elementor-element elementor-element-eb0385c elementor-widget elementor-widget-spacer\" data-id=\"eb0385c\" data-element_type=\"widget\" data-e-type=\"widget\" data-widget_type=\"spacer.default\">\n\t\t\t\t<div class=\"elementor-widget-container\">\n\t\t\t\t\t\t\t<div class=\"elementor-spacer\">\n\t\t\t<div class=\"elementor-spacer-inner\"><\/div>\n\t\t<\/div>\n\t\t\t\t\t\t<\/div>\n\t\t\t\t<\/div>\n\t\t\t\t\t<\/div>\n\t\t<\/div>\n\t\t\t\t\t<\/div>\n\t\t<\/section>\n\t\t\t\t<\/div>\n\t\t","protected":false},"excerpt":{"rendered":"<p>Plan educativo institucional https:\/\/youtu.be\/8Q722aNnmLg Nuestro modelo educativo pedag\u00f3gico es el de la\u00a0Fundaci\u00f3n Carulla aeioTU el cual se inspira en Reggio Emilia, que considera al ni\u00f1o como protagonista activo de su propio aprendizaje. Este es considerado por la UNESCO como la mejor pedagog\u00eda del mundo para la Primera Infancia. Estamos articulados con la Estrategia Nacional de [&hellip;]<\/p>\n","protected":false},"author":1,"featured_media":0,"parent":0,"menu_order":0,"comment_status":"closed","ping_status":"closed","template":"elementor_header_footer","meta":{"footnotes":""},"class_list":["post-2870","page","type-page","status-publish","hentry"],"_links":{"self":[{"href":"https:\/\/funtalentum.org\/en\/wp-json\/wp\/v2\/pages\/2870","targetHints":{"allow":["GET"]}}],"collection":[{"href":"https:\/\/funtalentum.org\/en\/wp-json\/wp\/v2\/pages"}],"about":[{"href":"https:\/\/funtalentum.org\/en\/wp-json\/wp\/v2\/types\/page"}],"author":[{"embeddable":true,"href":"https:\/\/funtalentum.org\/en\/wp-json\/wp\/v2\/users\/1"}],"replies":[{"embeddable":true,"href":"https:\/\/funtalentum.org\/en\/wp-json\/wp\/v2\/comments?post=2870"}],"version-history":[{"count":0,"href":"https:\/\/funtalentum.org\/en\/wp-json\/wp\/v2\/pages\/2870\/revisions"}],"wp:attachment":[{"href":"https:\/\/funtalentum.org\/en\/wp-json\/wp\/v2\/media?parent=2870"}],"curies":[{"name":"wp","href":"https:\/\/api.w.org\/{rel}","templated":true}]}}